{"id":1012,"date":"2019-11-28T17:03:25","date_gmt":"2019-11-28T17:03:25","guid":{"rendered":"https:\/\/www.theskeye.com\/politica-de-privacitat\/"},"modified":"2024-07-29T09:54:27","modified_gmt":"2024-07-29T08:54:27","slug":"politica-de-privacitat","status":"publish","type":"page","link":"https:\/\/www.theskeye.com\/ca\/politica-de-privacitat\/","title":{"rendered":"Pol\u00edtica de privacitat"},"content":{"rendered":"[vc_row type=&#8221;full_width_background&#8221; full_screen_row_position=&#8221;middle&#8221; column_margin=&#8221;default&#8221; bg_color=&#8221;#00539c&#8221; scene_position=&#8221;center&#8221; text_color=&#8221;light&#8221; text_align=&#8221;left&#8221; top_padding=&#8221;12%&#8221; bottom_padding=&#8221;6%&#8221; overlay_strength=&#8221;0.3&#8243; shape_divider_position=&#8221;bottom&#8221; bg_image_animation=&#8221;none&#8221; shape_type=&#8221;&#8221;][vc_column centered_text=&#8221;true&#8221; column_padding=&#8221;no-extra-padding&#8221; column_padding_position=&#8221;all&#8221; background_color_opacity=&#8221;1&#8243; background_hover_color_opacity=&#8221;1&#8243; column_link_target=&#8221;_self&#8221; column_shadow=&#8221;none&#8221; column_border_radius=&#8221;none&#8221; width=&#8221;1\/1&#8243; tablet_width_inherit=&#8221;default&#8221; tablet_text_alignment=&#8221;default&#8221; phone_text_alignment=&#8221;default&#8221; overlay_strength=&#8221;0.3&#8243; column_border_width=&#8221;none&#8221; column_border_style=&#8221;solid&#8221; bg_image_animation=&#8221;none&#8221; enable_animation=&#8221;true&#8221; animation=&#8221;fade-in-from-bottom&#8221;][vc_column_text]\n<h1>Pol\u00edtica de Privacitat<\/h1>\n[\/vc_column_text][\/vc_column][\/vc_row][vc_row type=&#8221;full_width_background&#8221; full_screen_row_position=&#8221;middle&#8221; column_margin=&#8221;default&#8221; scene_position=&#8221;center&#8221; text_color=&#8221;dark&#8221; text_align=&#8221;left&#8221; top_padding=&#8221;6%&#8221; bottom_padding=&#8221;8%&#8221; overlay_strength=&#8221;0.3&#8243; shape_divider_position=&#8221;bottom&#8221; bg_image_animation=&#8221;none&#8221; shape_type=&#8221;&#8221;][vc_column column_padding=&#8221;no-extra-padding&#8221; column_padding_position=&#8221;all&#8221; background_color_opacity=&#8221;1&#8243; background_hover_color_opacity=&#8221;1&#8243; column_link_target=&#8221;_self&#8221; column_shadow=&#8221;none&#8221; column_border_radius=&#8221;none&#8221; width=&#8221;1\/6&#8243; tablet_width_inherit=&#8221;default&#8221; tablet_text_alignment=&#8221;default&#8221; phone_text_alignment=&#8221;default&#8221; overlay_strength=&#8221;0.3&#8243; column_border_width=&#8221;none&#8221; column_border_style=&#8221;solid&#8221; bg_image_animation=&#8221;none&#8221;][\/vc_column][vc_column column_padding=&#8221;no-extra-padding&#8221; column_padding_position=&#8221;all&#8221; background_color_opacity=&#8221;1&#8243; background_hover_color_opacity=&#8221;1&#8243; column_link_target=&#8221;_self&#8221; column_shadow=&#8221;none&#8221; column_border_radius=&#8221;none&#8221; width=&#8221;2\/3&#8243; tablet_width_inherit=&#8221;default&#8221; tablet_text_alignment=&#8221;default&#8221; phone_text_alignment=&#8221;default&#8221; overlay_strength=&#8221;0.3&#8243; column_border_width=&#8221;none&#8221; column_border_style=&#8221;solid&#8221; bg_image_animation=&#8221;none&#8221; enable_animation=&#8221;true&#8221; animation=&#8221;fade-in-from-bottom&#8221;][vc_column_text]\n<h2 style=\"color: #00539c;\">POLITICA DE PRIVACITAT I PROTECCI\u00d3 DE DADES<\/h2>\n[\/vc_column_text][vc_column_text]\n<h2 style=\"color: #00539c;\">1. Recollida, tractament i \u00fas de les dades personals en la web:<\/h2>\n[\/vc_column_text][vc_column_text]Sobre la base del que es disposa en el Reglament General de Protecci\u00f3 de Dades 2016\/679 (RGPD) i en la Llei org\u00e0nica 3\/2018, de Protecci\u00f3 de Dades Personals i garantia de drets digitals (*LOPDGDD), l&#8217;informem que per a fer \u00fas alguns dels serveis que els ofereix la nostra web, pot ser necessari que ens subministri determinades dades de car\u00e0cter personal que seran incorporats a fitxers automatitzats.<\/p>\n<p>Complint amb les noves disposicions del Reglament (UE) 2016\/679 del PE i del Consell de 27 d&#8217;Abril de 2016 i de la Llei org\u00e0nica 3\/2018, de 5 de desembre, de Protecci\u00f3 de Dades Personals i garantia de drets digitals, relatives a la protecci\u00f3 de les persones f\u00edsiques pel que fa al tractament de dades personals i a la lliure circulaci\u00f3 d&#8217;aquestes dades i pel qual es deroga la Directiva 95\/46\/CE, l&#8217;informem que el responsable del tractament de les dades \u00e9s:<\/p>\n<p>Denominaci\u00f3 social: SMART MANAGEMENT, S.L.<\/p>\n<p>NIF: B55579296<\/p>\n<p>Domicili principal: RAMBLA DE CATALUNYA, 62. 4\u00ba. 1\u00aa &#8211; 08007 BARCELONA (Barcelona).<\/p>\n<p>Correu electr\u00f2nic: info@theskeye.com<\/p>\n<p>Tel\u00e8fon de contacte: 934637916<\/p>\n<p>P\u00e0gina web: www.theskeye.com<\/p>\n<p><strong>Dades de contacte del delegat de protecci\u00f3 de dades:<\/strong> PROTECTION REPORT SOLUTIONS, S.L., Paseo del Viol\u00f3n, 8, Local, 18006 Granada &#8211; dpd@protectionreport.com<\/p>\n<p>Per a realitzar qualsevol tipus d&#8217;observaci\u00f3 respecte a possibles incompliments dels drets de propietat intel\u00b7lectual o industrial, aix\u00ed com sobre qualsevol dels continguts del lloc web, pot fer-lo posant-se en contacte amb l&#8217;empresa a trav\u00e9s de qualsevol dels mitjans indicats anteriorment.<\/p>\n<p>Els continguts del Lloc web tenen com a finalitat informar els usuaris, dels serveis oferts per l&#8217;empresa a conseq\u00fc\u00e8ncia de les sol\u00b7licituds, gestions o tr\u00e0mits que l&#8217;Usuari realitzi mitjan\u00e7ant la web. Les dades objecte de tractament seran aquells que ens faciliti a trav\u00e9s dels formularis que a cada moment contingui la p\u00e0gina o a trav\u00e9s dels correus electr\u00f2nics que l&#8217;Usuari dirigeixi a les adreces de correu electr\u00f2nic identificades en aquesta, aix\u00ed com aquells altres que es generin durant el manteniment de la relaci\u00f3 corresponent.<\/p>\n<p>Tots els camps que apareixen assenyalats com a obligatoris en qualsevol dels formularis hauran de ser emplenats necess\u00e0riament, de tal mode que l&#8217;omissi\u00f3 d&#8217;algun d&#8217;ells podr\u00e0 comportar la impossibilitat que puguem atendre la seva sol\u00b7licitud o prestar-li els serveis corresponents.<\/p>\n<p>Addicionalment, durant aquesta recollida de dades, \u00e9s possible que se sol\u00b7liciti el seu consentiment per a una altra s\u00e8rie de finalitats que no guarden una relaci\u00f3 directa amb el servei o la relaci\u00f3 corresponent. En el cas que no estigui d&#8217;acord amb aquests tractaments addicionals, marqui la casella destinada a aquest efecte segons correspongui.<\/p>\n<p>Sol\u00b7licitants d&#8217;informaci\u00f3: Les dades personals utilitzades en aquests casos procedeixen del propi interessat, el qual els proporciona a *SMART MANAGEMENT, S.L. en completar el formulari de contacte contingut en el Lloc web, en efectuar una trucada telef\u00f2nica, o en enviar un correu.<\/p>\n<p>Aquestes dades s&#8217;utilitzen amb la finalitat de resoldre les consultes i proporcionar informaci\u00f3 a aquells que ho demandin o ho autoritzin expressament, principalment per mitj\u00e0 del correu electr\u00f2nic.<\/p>\n<p>La persona que accedeixi a aquest Lloc web (d&#8217;ara endavant, l&#8217;Usuari), assegura que t\u00e9 l&#8217;edat m\u00ednima legal establerta pel Reglament General de Protecci\u00f3 de Dades 679\/2016 (14 anys) o per la normativa nacional que li sigui aplicable per a atorgar el consentiment en relaci\u00f3 amb els Serveis de la Societat de la Informaci\u00f3.<\/p>\n<p>Mitjan\u00e7ant l&#8217;acc\u00e9s a aquest Lloc web, l&#8217;Usuari accepta expressament totes les cl\u00e0usules de la seva informaci\u00f3 legal, d&#8217;aquesta pol\u00edtica de privacitat, i de la seva pol\u00edtica de cookies, aix\u00ed com de totes aquelles condicions particulars recollides per a la utilitzaci\u00f3 de determinats serveis. En cas de no acceptar alguna de les citades cl\u00e0usules, l&#8217;Usuari haur\u00e0 d&#8217;abstenir-se d&#8217;accedir a aquest Lloc web.<\/p>\n<p>En accedir l&#8217;Usuari als comptes de *SMART MANAGEMENT, S.L. en les xarxes socials accepta el tractament de les seves dades personals per part de les mateixes segons les seves pol\u00edtiques de privacitat: Pol\u00edtica de privacitat de xarxes socials.[\/vc_column_text][divider line_type=&#8221;No Line&#8221; custom_height=&#8221;20&#8243;][vc_column_text]\n<h2 style=\"color: #00539c;\">2. Finalitat del tractament de les dades personals:<\/h2>\n[\/vc_column_text][vc_column_text]2.1. Amb quina finalitat tractarem les teves dades personals?<\/p>\n<p>En *SMART MANAGEMENT, S.L. tractarem les teves dades personals, recaptats a trav\u00e9s del Lloc web amb les seg\u00fcents finalitats:<\/p>\n<ol>\n<li>Gestionar la relaci\u00f3 amb els candidats a una ocupaci\u00f3 en l&#8217;empresa o en un dels nostres clients de selecci\u00f3 de personal.<\/li>\n<li>Analitzar i contrastar el perfil i historial acad\u00e8mic i professional dels candidats.<\/li>\n<li>Realitzar entrevistes de treball i comunicar-nos amb vost\u00e8 per a informar-lo.<\/li>\n<li>Per a algunes posicions concretes realitzem un test de personalitat D.I.S.C. l&#8217;objectiu del qual \u00e9s contribuir al seu acte-coneixement i desenvolupament. Avalua el llenguatge del comportament, no pret\u00e9n mesurar la intel\u00b7lig\u00e8ncia, els valors o les aptituds, sin\u00f3 que avalua com actuem en diferents entorns, situacions o enfront d&#8217;altres persones.<\/li>\n<li>Per a algunes posicions concretes realitzem el test de personalitat Myers-Briggs (MBTI) que classifica i ajuda a identificar les prefer\u00e8ncies personals m\u00e9s importants dels candidats.<\/li>\n<li>En el cas dels candidats que passin a fases avan\u00e7ades del proc\u00e9s de selecci\u00f3 s&#8217;elaborar\u00e0 un informe per als nostres clients que inclou dades del seu curriculum vitae, una avaluaci\u00f3 i comentaris sobre les seves caracter\u00edstiques personals i laborals, la contribuci\u00f3 futura que pot aportar a l&#8217;organitzaci\u00f3, aix\u00ed com les seves expectatives salarials.<\/li>\n<li>Utilitzarem les seves dades per a la candidatura a la qual es presenti, aix\u00ed com per a formar part de la nostra base de dades per a futures posicions que puguin encaixar amb el seu perfil professional, atenent en tot moment als drets que estableix la llei.<\/li>\n<li>Gestionar l&#8217;enviament de newsletters.<\/li>\n<li>Atendre les sol\u00b7licituds d&#8217;informaci\u00f3 realitzades a trav\u00e9s del nostre lloc web.Els camps d&#8217;aquests registres s\u00f3n d&#8217;emplenament obligatori, sent impossible realitzar les finalitats expressades si no s&#8217;aporten aquestes dades.<\/li>\n<\/ol>\n<p>2.2. Per quant temps es conserven les dades personals recaptades?<\/p>\n<p>Les dades personals proporcionades es conservaran mentre es gestiona la seva comunicaci\u00f3 i\/o no sol\u00b7licitis la seva supressi\u00f3 i durant el temps m\u00ednim necessari per a complir amb les obligacions legals o poguessin derivar-se responsabilitats legals pels serveis prestats.[\/vc_column_text][divider line_type=&#8221;No Line&#8221; custom_height=&#8221;20&#8243;][vc_column_text]\n<h2 style=\"color: #00539c;\">3. Legitimaci\u00f3:<\/h2>\n[\/vc_column_text][vc_column_text]El tractament de les teves dades es realitza amb les seg\u00fcents bases jur\u00eddiques que legitimen el mateix:<\/p>\n<p>\u2013 El consentiment lliure, espec\u00edfic, informat i inequ\u00edvoc, en tant que t&#8217;informem posant a la teva disposici\u00f3 la present pol\u00edtica de privacitat.<\/p>\n<p>En cas que no ens facilitis les teves dades o els facis de manera err\u00f2nia o incompleta, no podrem atendre la teva sol\u00b7licitud, resultant del tot impossible proporcionar-te la informaci\u00f3 sol\u00b7licitada o dur a terme la contractaci\u00f3 dels serveis.[\/vc_column_text][divider line_type=&#8221;No Line&#8221; custom_height=&#8221;20&#8243;][vc_column_text]\n<h2 style=\"color: #00539c;\">4. Garantia:<\/h2>\n[\/vc_column_text][vc_column_text]L&#8217;Usuari garanteix que les dades aportades s\u00f3n veritables, exactes, complets i actualitzats, sent responsable de qualsevol mal o perjudici, directe o indirecte, que pogu\u00e9s ocasionar-se a conseq\u00fc\u00e8ncia de l&#8217;incompliment de tal obligaci\u00f3. En el cas que les dades aportades pertanyessin a un tercer, l&#8217;Usuari garanteix que ha informat dita tercera i obtinguda la seva autoritzaci\u00f3 per a facilitar les seves dades personals a *SMART MANAGEMENT, S.L[\/vc_column_text][divider line_type=&#8221;No Line&#8221; custom_height=&#8221;20&#8243;][vc_column_text]\n<h2 style=\"color: #00539c;\">5. Conservaci\u00f3 de les dades:<\/h2>\n[\/vc_column_text][vc_column_text]Les seves dades es conservaran mentre es mantingui la relaci\u00f3 contractual o durant els anys necessaris per a complir amb les obligacions legals, mentre no sol\u00b7liciti el seu cessament o durant el temps necessari per a la realitzaci\u00f3 dels fins necessaris per als recaptats.[\/vc_column_text][vc_column_text]\n<h2 style=\"color: #00539c;\">6. Destinataris:<\/h2>\n[\/vc_column_text][vc_column_text]Les seves dades seran conservades sota estrictes mesures de seguretat que garanteixin la confidencialitat i la seguretat d&#8217;aquests. De la mateixa manera, nom\u00e9s seran cedits a les entitats i per a les finalitats seg\u00fcents:<\/p>\n<p>-Entitats i prove\u00efdors que presten serveis a *SMART MANAGEMENT, S.L. per a la correcta realitzaci\u00f3 d&#8217;aquests serveis. Aquestes entitats i prove\u00efdors es troben degudament acreditats i signen amb nosaltres el corresponent contracte de tractament de dades en compliment de la normativa de protecci\u00f3 de dades vigent.<\/p>\n<p>-Organismes i entitats oficials en compliment de les normatives i lleis vigents.<br \/>\nDestinataris fora de la Uni\u00f3 Europea: *SMART MANAGEMENT, S.L. no cedeix dades personals a tercers ni contracta amb prove\u00efdors prestadors de serveis fora de la Uni\u00f3 Europea.<\/p>\n<p>Les dades no es comunicaran a cap tercer ali\u00e8 a *SMART MANAGEMENT, S.L., fora dels casos anteriorment descrits, excepte obligaci\u00f3 legal o autoritzaci\u00f3 pr\u00e8via.[\/vc_column_text][vc_column_text]\n<h2 style=\"color: #00539c;\">7. Drets:<\/h2>\n[\/vc_column_text][vc_column_text]Com a interessat que ens has proporcionat les teves dades personals, tens ple dret a obtenir confirmaci\u00f3 sobre si en *SMART MANAGEMENT, S.L. estem tractant les teves dades personals, i en concret est\u00e0s facultat per a exercitar els seg\u00fcents drets que la normativa en mat\u00e8ria de protecci\u00f3 de dades et reconeix, conforme al que es preveu en aquesta:<\/p>\n<p>\u2013 Dret d&#8217;ACC\u00c9S a les teves dades personals.<\/p>\n<p>\u2013 Drets de sol\u00b7licitar la RECTIFICACI\u00d3 de les dades inexactes.<\/p>\n<p>\u2013 Dret de sol\u00b7licitar la seva SUPRESSI\u00d3 quan, entre altres motius, les dades ja no siguin necessaris per als fins que van ser recollits.<\/p>\n<p>\u2013 En determinades circumst\u00e0ncies, podr\u00e0s sol\u00b7licitar la LIMITACI\u00d3 DEL TRACTAMENT de les teves dades, i en aquest cas \u00fanicament els conservarem per a l&#8217;exercici o la defensa de reclamacions.<\/p>\n<p>\u2013 En determinades circumst\u00e0ncies i per motius relacionats amb la seva situaci\u00f3 particular, els interessats podran exercitar el seu dret d&#8217;OPOSICI\u00d3 al tractament de les seves dades. Deixarem de tractar les dades, excepte per motius leg\u00edtims imperiosos, o l&#8217;exercici o la defensa de possibles reclamacions.<\/p>\n<p>\u2013 En determinades circumst\u00e0ncies i per motius relacionats amb la teva situaci\u00f3 particular, podr\u00e0s sol\u00b7licitar el seu dret a la PORTABILITAT de les dades.<\/p>\n<p>Podr\u00e0s exercir tals drets o sol\u00b7licitar informaci\u00f3 addicional presentant c\u00f2pia d&#8217;un document identificatiu i exposant breument el seu cas i el dret que vol exercir, mitjan\u00e7ant carta dirigida a *SMART MANAGEMENT, S.L. a l&#8217;adre\u00e7a principal situada en RAMBLA DE CATALUNYA, 62. 4t. 1a &#8211; 08007 BARCELONA (Barcelona) o a trav\u00e9s de l&#8217;adre\u00e7a de correu electr\u00f2nic info@theskeye.com.<\/p>\n<p>A m\u00e9s, en cas que s&#8217;hagi vulnerat qualsevol dels teus drets, l&#8217;interessat t\u00e9 dret a presentar una reclamaci\u00f3 davant l&#8217;Ag\u00e8ncia Espanyola de Protecci\u00f3 de Dades (AEPD), en C\/ Jorge Juan, 6, 28001-Madrid o a trav\u00e9s de la seu electr\u00f2nica de l&#8217;AEPD: https:\/\/sedeagpd.gob.es\/sede-electronica-web\/.[\/vc_column_text][vc_column_text]\n<h2 style=\"color: #00539c;\">8. Durada i modificaci\u00f3 de la Pol\u00edtica de Privacitat:<\/h2>\n[\/vc_column_text][vc_column_text]SMART MANAGEMENT, S.L. es reserva el dret a modificar, totalment o parcialment, la present Pol\u00edtica de Privacitat, publicant els canvis en el Lloc web. Aix\u00ed mateix, podr\u00e0 efectuar sense previ av\u00eds les modificacions que consideri oportunes, podent canviar, suprimir o afegir tant els continguts i serveis que presta, com la forma en la qual aquests apareguin presentats o localitzats. En conseq\u00fc\u00e8ncia, s&#8217;entendran com a vigents, les condicions generals\/Pol\u00edtiques que estiguin publicades en el moment en el qual l&#8217;Usuari accedeixi haur\u00e0 de llegir-les peri\u00f2dicament.<\/p>\n<p>Amb independ\u00e8ncia del que es disposa, *SMART MANAGEMENT, S.L. podr\u00e0 donar per acabat, suspendre o interrompre, en qualsevol moment sense necessitat de preav\u00eds, l&#8217;acc\u00e9s als continguts del Lloc web, sense possibilitat per part de l&#8217;Usuari d&#8217;exigir cap indemnitzaci\u00f3.<\/p>\n<p>Pol\u00edtica de privacitat redactada i subministrat per *PROTECTION *REPORT S, S.L., <a href=\"https:\/\/www.protectionreport.com\">empresa de RGPD<\/a>, qui es reserva les accions legals que corresponguin contra tot aquell que copi\u00ef i utilitzi de manera il\u00b7leg\u00edtima el contingut.[\/vc_column_text][\/vc_column][vc_column column_padding=&#8221;no-extra-padding&#8221; column_padding_position=&#8221;all&#8221; background_color_opacity=&#8221;1&#8243; background_hover_color_opacity=&#8221;1&#8243; column_link_target=&#8221;_self&#8221; column_shadow=&#8221;none&#8221; column_border_radius=&#8221;none&#8221; width=&#8221;1\/6&#8243; tablet_width_inherit=&#8221;default&#8221; tablet_text_alignment=&#8221;default&#8221; phone_text_alignment=&#8221;default&#8221; overlay_strength=&#8221;0.3&#8243; column_border_width=&#8221;none&#8221; column_border_style=&#8221;solid&#8221; bg_image_animation=&#8221;none&#8221;][\/vc_column][\/vc_row][vc_row type=&#8221;full_width_background&#8221; full_screen_row_position=&#8221;middle&#8221; column_margin=&#8221;default&#8221; bg_color=&#8221;#232323&#8243; scene_position=&#8221;center&#8221; text_color=&#8221;dark&#8221; text_align=&#8221;left&#8221; class=&#8221;newsletter-footer&#8221; overlay_strength=&#8221;0.3&#8243; shape_divider_position=&#8221;bottom&#8221; bg_image_animation=&#8221;none&#8221; shape_type=&#8221;&#8221;][vc_column column_padding=&#8221;no-extra-padding&#8221; column_padding_position=&#8221;all&#8221; background_color_opacity=&#8221;1&#8243; background_hover_color_opacity=&#8221;1&#8243; column_link_target=&#8221;_self&#8221; column_shadow=&#8221;none&#8221; column_border_radius=&#8221;none&#8221; width=&#8221;1\/1&#8243; tablet_width_inherit=&#8221;default&#8221; tablet_text_alignment=&#8221;default&#8221; phone_text_alignment=&#8221;default&#8221; overlay_strength=&#8221;0.3&#8243; column_border_width=&#8221;none&#8221; column_border_style=&#8221;solid&#8221; bg_image_animation=&#8221;none&#8221;][vc_row_inner equal_height=&#8221;yes&#8221; content_placement=&#8221;middle&#8221; column_margin=&#8221;default&#8221; top_padding=&#8221;6%&#8221; bottom_padding=&#8221;5%&#8221; text_align=&#8221;left&#8221; css=&#8221;.vc_custom_1575378967107{border-bottom-width: 1px !important;border-bottom-color: #828282 !important;}&#8221;][vc_column_inner column_padding=&#8221;no-extra-padding&#8221; column_padding_position=&#8221;all&#8221; background_color_opacity=&#8221;1&#8243; background_hover_color_opacity=&#8221;1&#8243; column_shadow=&#8221;none&#8221; column_border_radius=&#8221;none&#8221; column_link_target=&#8221;_self&#8221; width=&#8221;1\/2&#8243; tablet_width_inherit=&#8221;default&#8221; overlay_strength=&#8221;0.3&#8243; column_border_width=&#8221;none&#8221; column_border_style=&#8221;solid&#8221; bg_image_animation=&#8221;none&#8221;][vc_column_text]\n<h2 style=\"color: #ffffff;\">Subscriu-te a la nostra newsletter per rebre m\u00e9s informaci\u00f3 sobre ofertes i molt m\u00e9s.<\/h2>\n[\/vc_column_text][\/vc_column_inner][vc_column_inner column_padding=&#8221;no-extra-padding&#8221; column_padding_position=&#8221;all&#8221; background_color_opacity=&#8221;1&#8243; background_hover_color_opacity=&#8221;1&#8243; column_shadow=&#8221;none&#8221; column_border_radius=&#8221;none&#8221; column_link_target=&#8221;_self&#8221; width=&#8221;1\/2&#8243; tablet_width_inherit=&#8221;default&#8221; overlay_strength=&#8221;0.3&#8243; column_border_width=&#8221;none&#8221; column_border_style=&#8221;solid&#8221; bg_image_animation=&#8221;none&#8221;][vc_raw_html]JTNDZGl2JTIwY2xhc3MlM0QlMjJuZXdzbGV0dGVyJTIyJTNFJTBBJTA5JTVCY29udGFjdC1mb3JtLTclMjBpZCUzRCUyMjE2NTAlMjIlMjB0aXRsZSUzRCUyMk5ld3NsZXR0ZXIlMjBDQSUyMiU1RCUwQSUzQyUyRmRpdiUzRQ==[\/vc_raw_html][\/vc_column_inner][\/vc_row_inner][vc_raw_html]JTNDZGl2JTIwc3R5bGUlM0QlMjJib3JkZXItdG9wJTNBJTIwMXB4JTIwc29saWQlMjBncmV5JTNCJTIyJTNFJTNDJTJGZGl2JTNF[\/vc_raw_html][\/vc_column][\/vc_row]\n","protected":false},"excerpt":{"rendered":"<p>[vc_row type=&#8221;full_width_background&#8221; full_screen_row_position=&#8221;middle&#8221; column_margin=&#8221;default&#8221; bg_color=&#8221;#00539c&#8221; scene_position=&#8221;center&#8221; text_color=&#8221;light&#8221; text_align=&#8221;left&#8221; top_padding=&#8221;12%&#8221; bottom_padding=&#8221;6%&#8221; overlay_strength=&#8221;0.3&#8243; shape_divider_position=&#8221;bottom&#8221; bg_image_animation=&#8221;none&#8221; shape_type=&#8221;&#8221;][vc_column centered_text=&#8221;true&#8221; column_padding=&#8221;no-extra-padding&#8221; column_padding_position=&#8221;all&#8221; background_color_opacity=&#8221;1&#8243; background_hover_color_opacity=&#8221;1&#8243; column_link_target=&#8221;_self&#8221; column_shadow=&#8221;none&#8221; column_border_radius=&#8221;none&#8221; width=&#8221;1\/1&#8243; tablet_width_inherit=&#8221;default&#8221; tablet_text_alignment=&#8221;default&#8221; phone_text_alignment=&#8221;default&#8221; overlay_strength=&#8221;0.3&#8243; column_border_width=&#8221;none&#8221; column_border_style=&#8221;solid&#8221; bg_image_animation=&#8221;none&#8221;&#8230;<\/p>\n","protected":false},"author":11,"featured_media":0,"parent":0,"menu_order":0,"comment_status":"closed","ping_status":"closed","template":"","meta":{"footnotes":""},"categories":[],"tags":[],"class_list":["post-1012","page","type-page","status-publish"],"yoast_head":"<!-- This site is optimized with the Yoast SEO plugin v25.6 - https:\/\/yoast.com\/wordpress\/plugins\/seo\/ -->\n<title>Pol\u00edtica de privacitat - The Skeye<\/title>\n<meta name=\"robots\" content=\"index, follow, max-snippet:-1, max-image-preview:large, max-video-preview:-1\" \/>\n<link rel=\"canonical\" href=\"https:\/\/www.theskeye.com\/ca\/politica-de-privacitat\/\" \/>\n<meta property=\"og:locale\" content=\"ca_ES\" \/>\n<meta property=\"og:type\" content=\"article\" \/>\n<meta property=\"og:title\" content=\"Pol\u00edtica de privacitat - The Skeye\" \/>\n<meta property=\"og:description\" content=\"[vc_row type=&#8221;full_width_background&#8221; full_screen_row_position=&#8221;middle&#8221; column_margin=&#8221;default&#8221; bg_color=&#8221;#00539c&#8221; scene_position=&#8221;center&#8221; text_color=&#8221;light&#8221; text_align=&#8221;left&#8221; top_padding=&#8221;12%&#8221; bottom_padding=&#8221;6%&#8221; overlay_strength=&#8221;0.3&#8243; shape_divider_position=&#8221;bottom&#8221; bg_image_animation=&#8221;none&#8221; shape_type=&#8221;&#8221;][vc_column centered_text=&#8221;true&#8221; column_padding=&#8221;no-extra-padding&#8221; column_padding_position=&#8221;all&#8221; background_color_opacity=&#8221;1&#8243; background_hover_color_opacity=&#8221;1&#8243; column_link_target=&#8221;_self&#8221; column_shadow=&#8221;none&#8221; column_border_radius=&#8221;none&#8221; width=&#8221;1\/1&#8243; tablet_width_inherit=&#8221;default&#8221; tablet_text_alignment=&#8221;default&#8221; phone_text_alignment=&#8221;default&#8221; overlay_strength=&#8221;0.3&#8243; column_border_width=&#8221;none&#8221; column_border_style=&#8221;solid&#8221; bg_image_animation=&#8221;none&#8221;...\" \/>\n<meta property=\"og:url\" content=\"https:\/\/www.theskeye.com\/ca\/politica-de-privacitat\/\" \/>\n<meta property=\"og:site_name\" content=\"The Skeye\" \/>\n<meta property=\"article:modified_time\" content=\"2024-07-29T08:54:27+00:00\" \/>\n<meta name=\"twitter:card\" content=\"summary_large_image\" \/>\n<meta name=\"twitter:label1\" content=\"Temps estimat de lectura\" \/>\n\t<meta name=\"twitter:data1\" content=\"13 minuts\" \/>\n<script type=\"application\/ld+json\" class=\"yoast-schema-graph\">{\"@context\":\"https:\/\/schema.org\",\"@graph\":[{\"@type\":\"WebPage\",\"@id\":\"https:\/\/www.theskeye.com\/ca\/politica-de-privacitat\/\",\"url\":\"https:\/\/www.theskeye.com\/ca\/politica-de-privacitat\/\",\"name\":\"Pol\u00edtica de privacitat - The Skeye\",\"isPartOf\":{\"@id\":\"https:\/\/www.theskeye.com\/#website\"},\"datePublished\":\"2019-11-28T17:03:25+00:00\",\"dateModified\":\"2024-07-29T08:54:27+00:00\",\"breadcrumb\":{\"@id\":\"https:\/\/www.theskeye.com\/ca\/politica-de-privacitat\/#breadcrumb\"},\"inLanguage\":\"ca\",\"potentialAction\":[{\"@type\":\"ReadAction\",\"target\":[\"https:\/\/www.theskeye.com\/ca\/politica-de-privacitat\/\"]}]},{\"@type\":\"BreadcrumbList\",\"@id\":\"https:\/\/www.theskeye.com\/ca\/politica-de-privacitat\/#breadcrumb\",\"itemListElement\":[{\"@type\":\"ListItem\",\"position\":1,\"name\":\"Inicio\",\"item\":\"https:\/\/www.theskeye.com\/ca\/homepage\/\"},{\"@type\":\"ListItem\",\"position\":2,\"name\":\"Pol\u00edtica de privacitat\"}]},{\"@type\":\"WebSite\",\"@id\":\"https:\/\/www.theskeye.com\/#website\",\"url\":\"https:\/\/www.theskeye.com\/\",\"name\":\"The Skeye\",\"description\":\"Consultora boutique que ofrece servicio de alto valor a\u00f1adido vinculados a la direcci\u00f3n estrat\u00e9gica y la direcci\u00f3n de personas\",\"potentialAction\":[{\"@type\":\"SearchAction\",\"target\":{\"@type\":\"EntryPoint\",\"urlTemplate\":\"https:\/\/www.theskeye.com\/?s={search_term_string}\"},\"query-input\":{\"@type\":\"PropertyValueSpecification\",\"valueRequired\":true,\"valueName\":\"search_term_string\"}}],\"inLanguage\":\"ca\"}]}<\/script>\n<!-- \/ Yoast SEO plugin. -->","yoast_head_json":{"title":"Pol\u00edtica de privacitat - The Skeye","robots":{"index":"index","follow":"follow","max-snippet":"max-snippet:-1","max-image-preview":"max-image-preview:large","max-video-preview":"max-video-preview:-1"},"canonical":"https:\/\/www.theskeye.com\/ca\/politica-de-privacitat\/","og_locale":"ca_ES","og_type":"article","og_title":"Pol\u00edtica de privacitat - The Skeye","og_description":"[vc_row type=&#8221;full_width_background&#8221; full_screen_row_position=&#8221;middle&#8221; column_margin=&#8221;default&#8221; bg_color=&#8221;#00539c&#8221; scene_position=&#8221;center&#8221; text_color=&#8221;light&#8221; text_align=&#8221;left&#8221; top_padding=&#8221;12%&#8221; bottom_padding=&#8221;6%&#8221; overlay_strength=&#8221;0.3&#8243; shape_divider_position=&#8221;bottom&#8221; bg_image_animation=&#8221;none&#8221; shape_type=&#8221;&#8221;][vc_column centered_text=&#8221;true&#8221; column_padding=&#8221;no-extra-padding&#8221; column_padding_position=&#8221;all&#8221; background_color_opacity=&#8221;1&#8243; background_hover_color_opacity=&#8221;1&#8243; column_link_target=&#8221;_self&#8221; column_shadow=&#8221;none&#8221; column_border_radius=&#8221;none&#8221; width=&#8221;1\/1&#8243; tablet_width_inherit=&#8221;default&#8221; tablet_text_alignment=&#8221;default&#8221; phone_text_alignment=&#8221;default&#8221; overlay_strength=&#8221;0.3&#8243; column_border_width=&#8221;none&#8221; column_border_style=&#8221;solid&#8221; bg_image_animation=&#8221;none&#8221;...","og_url":"https:\/\/www.theskeye.com\/ca\/politica-de-privacitat\/","og_site_name":"The Skeye","article_modified_time":"2024-07-29T08:54:27+00:00","twitter_card":"summary_large_image","twitter_misc":{"Temps estimat de lectura":"13 minuts"},"schema":{"@context":"https:\/\/schema.org","@graph":[{"@type":"WebPage","@id":"https:\/\/www.theskeye.com\/ca\/politica-de-privacitat\/","url":"https:\/\/www.theskeye.com\/ca\/politica-de-privacitat\/","name":"Pol\u00edtica de privacitat - The Skeye","isPartOf":{"@id":"https:\/\/www.theskeye.com\/#website"},"datePublished":"2019-11-28T17:03:25+00:00","dateModified":"2024-07-29T08:54:27+00:00","breadcrumb":{"@id":"https:\/\/www.theskeye.com\/ca\/politica-de-privacitat\/#breadcrumb"},"inLanguage":"ca","potentialAction":[{"@type":"ReadAction","target":["https:\/\/www.theskeye.com\/ca\/politica-de-privacitat\/"]}]},{"@type":"BreadcrumbList","@id":"https:\/\/www.theskeye.com\/ca\/politica-de-privacitat\/#breadcrumb","itemListElement":[{"@type":"ListItem","position":1,"name":"Inicio","item":"https:\/\/www.theskeye.com\/ca\/homepage\/"},{"@type":"ListItem","position":2,"name":"Pol\u00edtica de privacitat"}]},{"@type":"WebSite","@id":"https:\/\/www.theskeye.com\/#website","url":"https:\/\/www.theskeye.com\/","name":"The Skeye","description":"Consultora boutique que ofrece servicio de alto valor a\u00f1adido vinculados a la direcci\u00f3n estrat\u00e9gica y la direcci\u00f3n de personas","potentialAction":[{"@type":"SearchAction","target":{"@type":"EntryPoint","urlTemplate":"https:\/\/www.theskeye.com\/?s={search_term_string}"},"query-input":{"@type":"PropertyValueSpecification","valueRequired":true,"valueName":"search_term_string"}}],"inLanguage":"ca"}]}},"_links":{"self":[{"href":"https:\/\/www.theskeye.com\/ca\/wp-json\/wp\/v2\/pages\/1012"}],"collection":[{"href":"https:\/\/www.theskeye.com\/ca\/wp-json\/wp\/v2\/pages"}],"about":[{"href":"https:\/\/www.theskeye.com\/ca\/wp-json\/wp\/v2\/types\/page"}],"author":[{"embeddable":true,"href":"https:\/\/www.theskeye.com\/ca\/wp-json\/wp\/v2\/users\/11"}],"replies":[{"embeddable":true,"href":"https:\/\/www.theskeye.com\/ca\/wp-json\/wp\/v2\/comments?post=1012"}],"version-history":[{"count":6,"href":"https:\/\/www.theskeye.com\/ca\/wp-json\/wp\/v2\/pages\/1012\/revisions"}],"predecessor-version":[{"id":6406,"href":"https:\/\/www.theskeye.com\/ca\/wp-json\/wp\/v2\/pages\/1012\/revisions\/6406"}],"wp:attachment":[{"href":"https:\/\/www.theskeye.com\/ca\/wp-json\/wp\/v2\/media?parent=1012"}],"wp:term":[{"taxonomy":"category","embeddable":true,"href":"https:\/\/www.theskeye.com\/ca\/wp-json\/wp\/v2\/categories?post=1012"},{"taxonomy":"post_tag","embeddable":true,"href":"https:\/\/www.theskeye.com\/ca\/wp-json\/wp\/v2\/tags?post=1012"}],"curies":[{"name":"wp","href":"https:\/\/api.w.org\/{rel}","templated":true}]}}